{"id":1972,"date":"2025-04-25T16:47:20","date_gmt":"2025-04-25T16:47:20","guid":{"rendered":"https:\/\/vitaroma.fi\/?page_id=1972"},"modified":"2025-08-28T17:13:19","modified_gmt":"2025-08-28T15:13:19","slug":"prp-hoito-veriplasman-voima-ihon-uudistamiseen","status":"publish","type":"page","link":"https:\/\/vitaroma.fi\/sv\/prp-behandling-blodplasmans-kraft-for-hudfornyelse\/","title":{"rendered":"PRP-behandling \u2013 Kraften i blodplasma f\u00f6r hudf\u00f6rnyelse"},"content":{"rendered":"<div class=\"wp-block-uagb-container uagb-block-5451af51 alignfull uagb-is-root-container\"><div class=\"uagb-container-inner-blocks-wrap\">\n<div class=\"wp-block-uagb-advanced-heading uagb-block-f45ed1f8\"><h1 class=\"uagb-heading-text\">PRP-behandling \u2013 Kraften i blodplasma f\u00f6r hudf\u00f6rnyelse<\/h1><\/div>\n<\/div><\/div>\n\n\n\n<div class=\"wp-block-uagb-container uagb-block-wlmazrwo alignfull uagb-is-root-container\"><div class=\"uagb-container-inner-blocks-wrap\">\n<div class=\"wp-block-uagb-container uagb-block-0btjzulc alignfull uagb-is-root-container\"><div class=\"uagb-container-inner-blocks-wrap\">\n<div class=\"wp-block-uagb-image alignleft uagb-block-6xnwaqpe wp-block-uagb-image--layout-default wp-block-uagb-image--effect-static wp-block-uagb-image--align-left\"><figure class=\"wp-block-uagb-image__figure\"><img decoding=\"async\" srcset=\"https:\/\/vitaroma.fi\/wp-content\/uploads\/2025\/04\/Adsiz2-3-1024x576.png ,https:\/\/vitaroma.fi\/wp-content\/uploads\/2025\/04\/Adsiz2-3.png 780w, https:\/\/vitaroma.fi\/wp-content\/uploads\/2025\/04\/Adsiz2-3.png 360w\" sizes=\"auto, (max-width: 480px) 150px\" src=\"https:\/\/vitaroma.fi\/wp-content\/uploads\/2025\/04\/Adsiz2-3-1024x576.png\" alt=\"PRP-behandling \u2013 Kraften i blodplasma f\u00f6r hudf\u00f6rnyelse\" class=\"uag-image-2111\" width=\"564\" height=\"400\" title=\"PRP-behandling \u2013 Kraften i blodplasma f\u00f6r hudf\u00f6rnyelse\" loading=\"lazy\" role=\"img\"\/><\/figure><\/div>\n\n\n\n<div class=\"wp-block-uagb-container uagb-block-xrkfcv1q\">\n<div class=\"wp-block-uagb-info-box uagb-block-amettuy1 uagb-infobox__content-wrap  uagb-infobox-icon-above-title uagb-infobox-image-valign-top\"><div class=\"uagb-ifb-content\"><div class=\"uagb-ifb-title-wrap\"><h3 class=\"uagb-ifb-title\">En naturlig behandlingsmetod f\u00f6r str\u00e5lande och ungdomlig hud<\/h3><\/div><p class=\"uagb-ifb-desc\"><strong>PRP-behandling<\/strong> (Platelet Rich Plasma) \u00e4r ocks\u00e5 k\u00e4nd som <em>vampyrbehandling<\/em>, och det \u00e4r en helt naturlig form av hudv\u00e5rd baserad p\u00e5 kroppens egen biologi. Den anv\u00e4nder <strong>din egen blodplasma<\/strong>, som \u00e4r berikad med tillv\u00e4xtfaktorer. PRP stimulerar hudf\u00f6rnyelse p\u00e5 cellniv\u00e5 och fr\u00e4mjar <strong>produktion av kollagen, elastin och hyaluronsyra<\/strong> utan kemikalier eller tillsatser.<\/p><\/div><\/div>\n<\/div>\n<\/div><\/div>\n<\/div><\/div>\n\n\n\n<div class=\"wp-block-uagb-container uagb-block-onenjlwh alignfull uagb-is-root-container\"><div class=\"uagb-container-inner-blocks-wrap\">\n<div class=\"wp-block-uagb-info-box uagb-block-kdw4sbfe uagb-infobox__content-wrap  uagb-infobox-icon-above-title uagb-infobox-image-valign-top\"><div class=\"uagb-ifb-content\"><div class=\"uagb-ifb-title-wrap\"><h2 class=\"uagb-ifb-title\">Vilka \u00e4r f\u00f6rdelarna med PRP-behandling?<\/h2><\/div><p class=\"uagb-ifb-desc\"><strong>St\u00e4rker och j\u00e4mnar ut<\/strong> huden, mjukar upp fina linjer<br><strong>J\u00e4mnar ut ton och ytstruktur<\/strong>, mer gl\u00f6d<br><strong>\u00c4rr<\/strong> (s\u00e4rskilt akne\u00e4rr) och ytliga skador <strong>uppmjukning<\/strong><br><strong>Lugna<\/strong> stressad\/irriterad hud (individuellt)<br><strong>Skalp:<\/strong> st\u00f6djer h\u00e5rets tillv\u00e4xtcykel och minskar tecken p\u00e5 h\u00e5ravfall (individuellt)<br>Obs: Svaret beror p\u00e5 \u00e5lder, hudtillst\u00e5nd, livsstil och hemv\u00e5rd. M\u00e5l kommer att diskuteras under konsultationen.<\/p><\/div><\/div>\n\n\n\n<div class=\"wp-block-uagb-info-box uagb-block-6f18b7a4 uagb-infobox__content-wrap  uagb-infobox-icon-above-title uagb-infobox-image-valign-top\"><div class=\"uagb-ifb-content\"><div class=\"uagb-ifb-title-wrap\"><h2 class=\"uagb-ifb-title\">Vem \u00e4r PRP l\u00e4mplig f\u00f6r \u2013 och n\u00e4r ska man utv\u00e4rdera f\u00f6rst?<br><\/h2><\/div><p class=\"uagb-ifb-desc\"><strong>L\u00e4mplig f\u00f6r:<\/strong> f\u00f6r \u00e5ldrande, matt eller oj\u00e4mn hudton; f\u00f6r att mjukg\u00f6ra akne-\/kirurgiska \u00e4rr; f\u00f6r st\u00f6d till h\u00e5rbotten.<br><strong>L\u00e5t oss f\u00f6rst utv\u00e4rdera:<\/strong> gravid\/ammande, blodkoagulationsrubbningar\/antikoagulantia, aktiv dermatit, autoimmuna sjukdomar i aktiv fas, sv\u00e5r anemi, infektion med feber, isotretinoin under de kommande m\u00e5naderna.<\/p><\/div><\/div>\n\n\n\n<div class=\"wp-block-uagb-image uagb-block-d80131cb wp-block-uagb-image--layout-default wp-block-uagb-image--effect-static wp-block-uagb-image--align-none\"><figure class=\"wp-block-uagb-image__figure\"><img decoding=\"async\" srcset=\"https:\/\/vitaroma.fi\/wp-content\/uploads\/2025\/08\/prp-tretman-estetski-tretman-lica-m.jpg ,https:\/\/vitaroma.fi\/wp-content\/uploads\/2025\/08\/prp-tretman-estetski-tretman-lica-m.jpg 780w, https:\/\/vitaroma.fi\/wp-content\/uploads\/2025\/08\/prp-tretman-estetski-tretman-lica-m.jpg 360w\" sizes=\"auto, (max-width: 480px) 150px\" src=\"https:\/\/vitaroma.fi\/wp-content\/uploads\/2025\/08\/prp-tretman-estetski-tretman-lica-m.jpg\" alt=\"\" class=\"uag-image-2703\" width=\"900\" height=\"675\" title=\"prp-tretman-estetski-tretman-lica-m\" loading=\"lazy\" role=\"img\"\/><\/figure><\/div>\n\n\n\n<div class=\"wp-block-uagb-info-box uagb-block-ffaf723f uagb-infobox__content-wrap  uagb-infobox-icon-above-title uagb-infobox-image-valign-top\"><div class=\"uagb-ifb-content\"><div class=\"uagb-ifb-title-wrap\"><h2 class=\"uagb-ifb-title\">Var fungerar PRP bra?<br><\/h2><\/div><p class=\"uagb-ifb-desc\"><strong>Ansikte:<\/strong> kinder, \u00f6gonomr\u00e5det, \u00f6verl\u00e4ppen<br><strong>Hals och dekolletage<\/strong>, handryggar<br><strong>Skalp:<\/strong> inledande skede av gallring, h\u00e5rf\u00e4ste, avskedsomr\u00e5de<\/p><\/div><\/div>\n\n\n\n<div class=\"wp-block-uagb-info-box uagb-block-e4414226 uagb-infobox__content-wrap  uagb-infobox-icon-above-title uagb-infobox-image-valign-top\"><div class=\"uagb-ifb-content\"><div class=\"uagb-ifb-title-wrap\"><h2 class=\"uagb-ifb-title\">Hur fortskrider behandlingen (p\u00e5 mottagningen)?<br><\/h2><\/div><p class=\"uagb-ifb-desc\"><strong>Konsultation och planering<\/strong> \u2013 m\u00e5l, kontraindikationer, omr\u00e5den.<br><strong>Blodprov (ca 10\u201320 ml)<\/strong> \u2013 hygienisk, snabb intag.<br><strong>Centrifugering<\/strong> \u2013 separat <strong>trombocytrik plasma<\/strong>.<br><strong>Dosering<\/strong> \u2013 PRP exporteras <strong>med mikroinjektioner<\/strong> till r\u00e4tt hudniv\u00e5; anv\u00e4nd vid behov <strong>anestesi<\/strong>.<br><strong>Avsluta<\/strong> \u2013 lugnande kr\u00e4m\/mask och instruktioner.<br><strong>Varaktighet:<\/strong> av. <strong>45\u201360 minuter<\/strong> beroende p\u00e5 region. \u00c5terg\u00e5ng till vardagen vanligtvis omedelbart; <strong>mild rodnad\/svullnad<\/strong> 1\u20132 dagar \u00e4r normalt.<\/p><\/div><\/div>\n\n\n\n<div class=\"wp-block-uagb-info-box uagb-block-026c5772 uagb-infobox__content-wrap  uagb-infobox-icon-above-title uagb-infobox-image-valign-top\"><div class=\"uagb-ifb-content\"><div class=\"uagb-ifb-title-wrap\"><h2 class=\"uagb-ifb-title\">Resultat och behandlingsrekommendation<br><\/h2><\/div><p class=\"uagb-ifb-desc\"><strong>F\u00f6rsta tecken vid 3\u20134 veckor:<\/strong> fylligare k\u00e4nsla, ljusare ton<br><strong>1\u20133 m\u00e5nader:<\/strong> subtil f\u00f6rb\u00e4ttring av struktur och elasticitet, mjukg\u00f6rande av \u00e4rr<br><strong>Serie:<\/strong> <strong>3\u20134 behandlingar<\/strong> av. <strong>4 veckor<\/strong> varannan dag<br><strong>Underh\u00e5ll:<\/strong> <strong>1\u20132\u00d7\/\u00e5r<\/strong> efter behov<br><strong>Skalp:<\/strong> ofta <strong>3\u20134 behandlingar<\/strong> Var fj\u00e4rde vecka, underh\u00e5ll <strong>3\u20136 m\u00e5nader<\/strong> varannan dag<\/p><\/div><\/div>\n\n\n\n<div class=\"wp-block-uagb-info-box uagb-block-98f252bd uagb-infobox__content-wrap  uagb-infobox-icon-above-title uagb-infobox-image-valign-top\"><div class=\"uagb-ifb-content\"><div class=\"uagb-ifb-title-wrap\"><h2 class=\"uagb-ifb-title\">F\u00f6re behandling \u2013 f\u00f6rbered dig s\u00e5 h\u00e4r<br><\/h2><\/div><p class=\"uagb-ifb-desc\">Driva <strong>bl\u00f6dnings\u00f6kande<\/strong> kosttillskott\/mediciner (t.ex. h\u00f6ga doser omega-3, ASA) med l\u00e4kares tillst\u00e5nd <strong>3\u20135 dagar<\/strong> f\u00f6re<br><strong>Ingen alkohol<\/strong> kv\u00e4llen innan; <strong>drick vatten<\/strong> p\u00e5 behandlingsdagen<br>Anl\u00e4nda <strong>ren hud<\/strong> helst ren h\u00e5rbotten, utan stylingprodukter<\/p><\/div><\/div>\n\n\n\n<div class=\"wp-block-uagb-info-box uagb-block-225c3db5 uagb-infobox__content-wrap  uagb-infobox-icon-above-title uagb-infobox-image-valign-top\"><div class=\"uagb-ifb-content\"><div class=\"uagb-ifb-title-wrap\"><h2 class=\"uagb-ifb-title\">Efterv\u00e5rd \u2013 g\u00f6r s\u00e5 h\u00e4r<br><\/h2><\/div><p class=\"uagb-ifb-desc\"><strong>SPF 30\u201350<\/strong> dagligen f\u00f6r behandlade omr\u00e5den i 1\u20132 veckor<br><strong>Ingen bastu\/kraftig svettning<\/strong> 24\u201348 timmar; undvik simbass\u00e4nger under denna tid<br><strong>Inga retinoider\/AHA\/BHA-peeling<\/strong> 3\u20135 dagar<br>Skonsam reng\u00f6ring + <strong>\u00e5terfuktande, barri\u00e4rst\u00f6djande<\/strong> v\u00e5rd<br>H\u00e5rbotten: undvik att tv\u00e4tta <strong>24 timmar<\/strong>, ingen stark massage\/v\u00e4rme p\u00e5 48 timmar<\/p><\/div><\/div>\n\n\n\n<div class=\"wp-block-uagb-info-box uagb-block-4325bab5 uagb-infobox__content-wrap  uagb-infobox-icon-above-title uagb-infobox-image-valign-top\"><div class=\"uagb-ifb-content\"><div class=\"uagb-ifb-title-wrap\"><h2 class=\"uagb-ifb-title\">Risker och biverkningar (vanligtvis milda och \u00f6verg\u00e5ende)<br><\/h2><\/div><p class=\"uagb-ifb-desc\"><strong>Rodnad, svullnad, bl\u00e5m\u00e4rken<\/strong>, \u00f6mhet vid injektionsst\u00e4llet<br>S\u00e4llan <strong>huvudv\u00e4rk<\/strong> (skalp), <strong>risk f\u00f6r infektion<\/strong> \u00e4r mycket liten p\u00e5 grund av asepsis<br>Risken f\u00f6r allergi \u00e4r <strong>v\u00e4ldigt liten<\/strong>, eftersom den anv\u00e4nds <strong>egna ingredienser<\/strong> (autolog behandling)<\/p><\/div><\/div>\n\n\n\n<div class=\"wp-block-uagb-image uagb-block-d441783a wp-block-uagb-image--layout-default wp-block-uagb-image--effect-static wp-block-uagb-image--align-none\"><figure class=\"wp-block-uagb-image__figure\"><img decoding=\"async\" srcset=\"https:\/\/vitaroma.fi\/wp-content\/uploads\/2025\/08\/PRP-hoito-done.jpg ,https:\/\/vitaroma.fi\/wp-content\/uploads\/2025\/08\/PRP-hoito-done.jpg 780w, https:\/\/vitaroma.fi\/wp-content\/uploads\/2025\/08\/PRP-hoito-done.jpg 360w\" sizes=\"auto, (max-width: 480px) 150px\" src=\"https:\/\/vitaroma.fi\/wp-content\/uploads\/2025\/08\/PRP-hoito-done.jpg\" alt=\"\" class=\"uag-image-2704\" width=\"800\" height=\"600\" title=\"PRP-behandling utf\u00f6rd\" loading=\"lazy\" role=\"img\"\/><\/figure><\/div>\n\n\n\n<div class=\"wp-block-uagb-info-box uagb-block-33a950f9 uagb-infobox__content-wrap  uagb-infobox-icon-above-title uagb-infobox-image-valign-top\"><div class=\"uagb-ifb-content\"><div class=\"uagb-ifb-title-wrap\"><h2 class=\"uagb-ifb-title\">FAQ \u2013 vanliga fr\u00e5gor<br><\/h2><\/div><p class=\"uagb-ifb-desc\"><strong>G\u00f6r PRP ont?<\/strong><br>De flesta upplever behandling med anestesi <strong>v\u00e4l tolererad<\/strong> (nypande, k\u00e4nsla av tryck).<br><strong>Kan jag kombinera det med andra behandlingar?<\/strong><br>Ja. PRP fungerar bra tillsammans. <strong>mikron\u00e5lning (Dermapen 4)<\/strong>, <strong>Hydrafacial<\/strong>, <strong>LED-terapi<\/strong> eller selektivt <strong>BBL\/kall plasma<\/strong>med protokoll. Schemat planeras individuellt.<br><strong>\u00c4r den l\u00e4mplig f\u00f6r \u00f6gonomr\u00e5det?<\/strong><br>Ja, n\u00e4r dosering och teknik anpassas; f\u00f6rv\u00e4ntas <strong>\u00f6verg\u00e5ende svullnad<\/strong> 24\u201348 timmar.<br><strong>Vad s\u00e4gs om h\u00e5r?<\/strong><br>PRP-burk f\u00f6r h\u00e5rbotten <strong>st\u00f6dja tillv\u00e4xtcykeln<\/strong> och minskar tecken p\u00e5 gallring, s\u00e4rskilt i tidiga stadier; seriebehandling + underh\u00e5ll \u00e4r viktigt.<\/p><\/div><\/div>\n\n\n\n<div class=\"wp-block-uagb-info-box uagb-block-8dd8da51 uagb-infobox__content-wrap  uagb-infobox-icon-above-title uagb-infobox-image-valign-top\"><div class=\"uagb-ifb-content\"><div class=\"uagb-ifb-title-wrap\"><h2 class=\"uagb-ifb-title\">Varf\u00f6r v\u00e4lja Vitaroma?<br><\/h2><\/div><p class=\"uagb-ifb-desc\"><strong>Steril, CE-godk\u00e4nd<\/strong> arbetande och erfarna yrkesm\u00e4n<br><strong>Anpassad dosering<\/strong> efter region och m\u00e5l<br><strong>Omfattande v\u00e5rdf\u00f6rlopp:<\/strong> tydliga f\u00f6r-\/efterbehandling, realistiska m\u00e5l och uppf\u00f6ljning<br><strong>Boka tid f\u00f6r PRP-behandling \u2192<\/strong><\/p><\/div><\/div>\n<\/div><\/div>\n\n\n\n<div class=\"wp-block-uagb-container uagb-block-9caa1a47 alignfull uagb-is-root-container\"><div class=\"uagb-container-inner-blocks-wrap\">\n<div class=\"wp-block-uagb-advanced-heading uagb-block-1ed0e64e\"><div class=\"uagb-heading-text\">L\u00e5t oss hj\u00e4lpa till.<\/div><\/div>\n\n\n\n<div class=\"wp-block-uagb-advanced-heading uagb-block-3a57683f\"><h2 class=\"uagb-heading-text\">Kontakta oss<\/h2><\/div>\n\n\n\n<div class=\"wp-block-uagb-buttons uagb-buttons__outer-wrap uagb-btn__default-btn uagb-btn-tablet__default-btn uagb-btn-mobile__default-btn uagb-block-9979be0d\"><div class=\"uagb-buttons__wrap uagb-buttons-layout-wrap\">\n<div class=\"wp-block-uagb-buttons-child uagb-buttons__outer-wrap uagb-block-84fd34e5 wp-block-button\"><div class=\"uagb-button__wrapper\"><a class=\"uagb-buttons-repeater wp-block-button__link\" aria-label=\"\" href=\"https:\/\/timma.fi\/yritys\/kauneuskeskus-vitaroma\" rel=\"follow noopener\" target=\"_self\" role=\"button\"><div class=\"uagb-button__link\">Boka en tid<\/div><\/a><\/div><\/div>\n<\/div><\/div>\n\n\n\n<div class=\"wp-block-uagb-buttons uagb-buttons__outer-wrap uagb-btn__default-btn uagb-btn-tablet__default-btn uagb-btn-mobile__default-btn uagb-block-f7add131\"><div class=\"uagb-buttons__wrap uagb-buttons-layout-wrap\">\n<div class=\"wp-block-uagb-buttons-child uagb-buttons__outer-wrap uagb-block-0c11dd62 wp-block-button\"><div class=\"uagb-button__wrapper\"><a class=\"uagb-buttons-repeater wp-block-button__link\" aria-label=\"\" href=\"https:\/\/vitaroma.fi\/sv\/kontakta-oss\/\" rel=\"follow noopener\" target=\"_self\" role=\"button\"><div class=\"uagb-button__link\">Kontakta oss<\/div><\/a><\/div><\/div>\n<\/div><\/div>\n\n\n\n<div class=\"wp-block-uagb-buttons uagb-buttons__outer-wrap uagb-btn__default-btn uagb-btn-tablet__default-btn uagb-btn-mobile__default-btn uagb-block-69da2b3b\"><div class=\"uagb-buttons__wrap uagb-buttons-layout-wrap\">\n<div class=\"wp-block-uagb-buttons-child uagb-buttons__outer-wrap uagb-block-1018754e wp-block-button\"><div class=\"uagb-button__wrapper\"><a class=\"uagb-buttons-repeater wp-block-button__link\" aria-label=\"\" href=\"https:\/\/vitaroma.fi\/sv\/information-om-oss\/\" rel=\"follow noopener\" target=\"_self\" role=\"button\"><div class=\"uagb-button__link\">Om oss<\/div><\/a><\/div><\/div>\n<\/div><\/div>\n\n\n\n<div class=\"wp-block-uagb-advanced-heading uagb-block-838a0a13\"><div class=\"uagb-separator\"><\/div><h3 class=\"uagb-heading-text\">Gratis r\u00e5d? 050 365 2103<\/h3><\/div>\n\n\n\n<!-- Font Awesome CDN -->\n<link rel=\"stylesheet\" href=\"https:\/\/cdnjs.cloudflare.com\/ajax\/libs\/font-awesome\/6.4.0\/css\/all.min.css\">\n\n<div class=\"social-links\">\n  <a href=\"https:\/\/www.instagram.com\/kauneuskeskusvitaroma_clinic\/\" target=\"_blank\" rel=\"noopener\" class=\"instagram\">\n    <i class=\"fab fa-instagram\"><\/i> Sk\u00f6nhetscenter Vitaroma\n  <\/a>\n  <a href=\"https:\/\/www.facebook.com\/61567042467466\/about\/\" target=\"_blank\" rel=\"noopener\" class=\"facebook\">\n    <i class=\"fab fa-facebook\"><\/i> Sk\u00f6nhetscenter Vitaroma\n  <\/a>\n<\/div>\n\n<style>\n  .social-links {\n    display: flex;\n    justify-content: center;\n    gap: 20px;\n    margin-top: 10px;\n  }\n\n  .social-links a {\n    display: flex;\n    align-items: center;\n    gap: 10px;\n    padding: 12px 20px;\n    font-size: 18px;\n    font-weight: 600;\n    text-decoration: none;\n    color: #fff;\n    background: rgba(0, 0, 0, 0.35);\n    border: 2px solid rgba(255, 255, 255, 0.5);\n    border-radius: 8px;\n    transition: all 0.3s ease;\n    box-shadow: 0 3px 8px rgba(0, 0, 0, 0.2);\n    backdrop-filter: blur(5px);\n  }\n\n  .social-links a i {\n    font-size: 22px;\n  }\n\n  \/* Hover efektleri *\/\n  .social-links a.instagram:hover {\n    background: #E1306C;\n    color: #fff;\n    border-color: #E1306C;\n  }\n\n  .social-links a.facebook:hover {\n    background: #1877F2;\n    color: #fff;\n    border-color: #1877F2;\n  }\n<\/style>\n\n<\/div><\/div>","protected":false},"excerpt":{"rendered":"<p>PRP-behandling \u2013 Kraften i blodplasma f\u00f6r hudf\u00f6rnyelse<\/p>","protected":false},"author":1,"featured_media":0,"parent":0,"menu_order":0,"comment_status":"closed","ping_status":"closed","template":"","meta":{"_surecart_dashboard_logo_width":"180px","_surecart_dashboard_show_logo":true,"_surecart_dashboard_navigation_orders":true,"_surecart_dashboard_navigation_invoices":true,"_surecart_dashboard_navigation_subscriptions":true,"_surecart_dashboard_navigation_downloads":true,"_surecart_dashboard_navigation_billing":true,"_surecart_dashboard_navigation_account":true,"_uag_custom_page_level_css":"","site-sidebar-layout":"default","site-content-layout":"","ast-site-content-layout":"default","site-content-style":"default","site-sidebar-style":"default","ast-global-header-display":"","ast-banner-title-visibility":"","ast-main-header-display":"","ast-hfb-above-header-display":"","ast-hfb-below-header-display":"","ast-hfb-mobile-header-display":"","site-post-title":"disabled","ast-breadcrumbs-content":"","ast-featured-img":"","footer-sml-layout":"","ast-disable-related-posts":"","theme-transparent-header-meta":"","adv-header-id-meta":"","stick-header-meta":"","header-above-stick-meta":"","header-main-stick-meta":"","header-below-stick-meta":"","astra-migrate-meta-layouts":"set","ast-page-background-enabled":"default","ast-page-background-meta":{"desktop":{"background-color":"var(--ast-global-color-4)","background-image":"","background-repeat":"repeat","background-position":"center center","background-size":"auto","background-attachment":"scroll","background-type":"","background-media":"","overlay-type":"","overlay-color":"","overlay-opacity":"","overlay-gradient":""},"tablet":{"background-color":"","background-image":"","background-repeat":"repeat","background-position":"center center","background-size":"auto","background-attachment":"scroll","background-type":"","background-media":"","overlay-type":"","overlay-color":"","overlay-opacity":"","overlay-gradient":""},"mobile":{"background-color":"","background-image":"","background-repeat":"repeat","background-position":"center center","background-size":"auto","background-attachment":"scroll","background-type":"","background-media":"","overlay-type":"","overlay-color":"","overlay-opacity":"","overlay-gradient":""}},"ast-content-background-meta":{"desktop":{"background-color":"var(--ast-global-color-5)","background-image":"","background-repeat":"repeat","background-position":"center center","background-size":"auto","background-attachment":"scroll","background-type":"","background-media":"","overlay-type":"","overlay-color":"","overlay-opacity":"","overlay-gradient":""},"tablet":{"background-color":"var(--ast-global-color-5)","background-image":"","background-repeat":"repeat","background-position":"center center","background-size":"auto","background-attachment":"scroll","background-type":"","background-media":"","overlay-type":"","overlay-color":"","overlay-opacity":"","overlay-gradient":""},"mobile":{"background-color":"var(--ast-global-color-5)","background-image":"","background-repeat":"repeat","background-position":"center center","background-size":"auto","background-attachment":"scroll","background-type":"","background-media":"","overlay-type":"","overlay-color":"","overlay-opacity":"","overlay-gradient":""}},"footnotes":""},"class_list":["post-1972","page","type-page","status-publish","hentry"],"uagb_featured_image_src":{"full":false,"thumbnail":false,"medium":false,"medium_large":false,"large":false,"1536x1536":false,"2048x2048":false,"trp-custom-language-flag":false,"woocommerce_thumbnail":false,"woocommerce_single":false,"woocommerce_gallery_thumbnail":false},"uagb_author_info":{"display_name":"emilkemal4@gmail.com","author_link":"https:\/\/vitaroma.fi\/sv\/author\/emilkemal4gmail-com\/"},"uagb_comment_info":0,"uagb_excerpt":"PRP-hoito \u2013 Veriplasman voima ihon uudistamiseen","_links":{"self":[{"href":"https:\/\/vitaroma.fi\/sv\/wp-json\/wp\/v2\/pages\/1972","targetHints":{"allow":["GET"]}}],"collection":[{"href":"https:\/\/vitaroma.fi\/sv\/wp-json\/wp\/v2\/pages"}],"about":[{"href":"https:\/\/vitaroma.fi\/sv\/wp-json\/wp\/v2\/types\/page"}],"author":[{"embeddable":true,"href":"https:\/\/vitaroma.fi\/sv\/wp-json\/wp\/v2\/users\/1"}],"replies":[{"embeddable":true,"href":"https:\/\/vitaroma.fi\/sv\/wp-json\/wp\/v2\/comments?post=1972"}],"version-history":[{"count":10,"href":"https:\/\/vitaroma.fi\/sv\/wp-json\/wp\/v2\/pages\/1972\/revisions"}],"predecessor-version":[{"id":2705,"href":"https:\/\/vitaroma.fi\/sv\/wp-json\/wp\/v2\/pages\/1972\/revisions\/2705"}],"wp:attachment":[{"href":"https:\/\/vitaroma.fi\/sv\/wp-json\/wp\/v2\/media?parent=1972"}],"curies":[{"name":"wp","href":"https:\/\/api.w.org\/{rel}","templated":true}]}}